{"id":2496,"date":"2018-08-07T10:07:35","date_gmt":"2018-08-07T08:07:35","guid":{"rendered":"http:\/\/albergueweb1.uva.es\/uvalal\/?page_id=2496"},"modified":"2026-01-20T11:42:46","modified_gmt":"2026-01-20T10:42:46","slug":"miembros-actualizacion","status":"publish","type":"page","link":"https:\/\/uvalal.uva.es\/index.php\/es\/grupo-2\/miembros-actualizacion\/","title":{"rendered":"miembros"},"content":{"rendered":"\t\t<div data-elementor-type=\"wp-page\" data-elementor-id=\"2496\" class=\"elementor elementor-2496\">\n\t\t\t\t\t\t<section class=\"elementor-section elementor-top-section elementor-element elementor-element-79f7cd28 tabla_uvalal_personal elementor-section-boxed elementor-section-height-default elementor-section-height-default\" data-id=\"79f7cd28\" data-element_type=\"section\" data-e-type=\"section\">\n\t\t\t\t\t\t<div class=\"elementor-container elementor-column-gap-default\">\n\t\t\t\t\t<div class=\"elementor-column elementor-col-100 elementor-top-column elementor-element elementor-element-698189d0\" data-id=\"698189d0\" data-element_type=\"column\" data-e-type=\"column\">\n\t\t\t<div class=\"elementor-widget-wrap elementor-element-populated\">\n\t\t\t\t\t\t<section class=\"elementor-section elementor-inner-section elementor-element elementor-element-1f3c917f elementor-section-boxed elementor-section-height-default elementor-section-height-default\" data-id=\"1f3c917f\" data-element_type=\"section\" data-e-type=\"section\">\n\t\t\t\t\t\t<div class=\"elementor-container elementor-column-gap-default\">\n\t\t\t\t\t<div class=\"elementor-column elementor-col-50 elementor-inner-column elementor-element elementor-element-576dd68d\" data-id=\"576dd68d\" data-element_type=\"column\" data-e-type=\"column\">\n\t\t\t<div class=\"elementor-widget-wrap elementor-element-populated\">\n\t\t\t\t\t\t<div class=\"elementor-element elementor-element-314c3246 elementor-widget elementor-widget-image\" data-id=\"314c3246\" data-element_type=\"widget\" data-e-type=\"widget\" data-widget_type=\"image.default\">\n\t\t\t\t<div class=\"elementor-widget-container\">\n\t\t\t\t\t\t\t\t\t\t\t\t\t\t\t<img fetchpriority=\"high\" decoding=\"async\" width=\"770\" height=\"513\" src=\"https:\/\/uvalal.uva.es\/files\/2026\/01\/1.UVALAL-Dec-2025-raquel-1024x682.jpeg\" class=\"attachment-large size-large wp-image-7489\" alt=\"\" srcset=\"https:\/\/uvalal.uva.es\/files\/2026\/01\/1.UVALAL-Dec-2025-raquel-1024x682.jpeg 1024w, https:\/\/uvalal.uva.es\/files\/2026\/01\/1.UVALAL-Dec-2025-raquel-300x200.jpeg 300w, https:\/\/uvalal.uva.es\/files\/2026\/01\/1.UVALAL-Dec-2025-raquel-768x512.jpeg 768w, https:\/\/uvalal.uva.es\/files\/2026\/01\/1.UVALAL-Dec-2025-raquel-1536x1023.jpeg 1536w, https:\/\/uvalal.uva.es\/files\/2026\/01\/1.UVALAL-Dec-2025-raquel.jpeg 1600w\" sizes=\"(max-width: 770px) 100vw, 770px\" \/>\t\t\t\t\t\t\t\t\t\t\t\t\t\t\t<\/div>\n\t\t\t\t<\/div>\n\t\t\t\t<div class=\"elementor-element elementor-element-74f6ba8b elementor-widget elementor-widget-html\" data-id=\"74f6ba8b\" data-element_type=\"widget\" data-e-type=\"widget\" data-widget_type=\"html.default\">\n\t\t\t\t<div class=\"elementor-widget-container\">\n\t\t\t\t\t<table class=\"tabla_uvalal1\">\n    <tr>\n        <td class=\"tabla_uvalal_imagen\"><a href=\"mailto:raquelff@uva.es\"><img decoding=\"async\" src=\"http:\/\/uvalal.uva.es\/files\/2020\/09\/images-1.png\" \/><\/a><\/td>\n        <td class=\"tabla_uvalal_texto\"><a href=\"mailto:raquelff@uva.es\">raquelff@uva.es<\/a><\/td>\n    <\/tr>\n    <tr>\n        <td class=\"tabla_uvalal_imagen\"><a href=\"http:\/\/orcid.org\/0000-0002-3889-6194\" target=\"_blank\"><img decoding=\"async\" src=\"http:\/\/uvalal.uva.es\/files\/2020\/09\/orcid.png\" \/><\/a><\/td>\n        <td class=\"tabla_uvalal_texto\"><\/td>\n    <\/tr>\n    <tr>\n        <td class=\"tabla_uvalal_imagen\"><a href=\"https:\/\/www.researchgate.net\/profile\/Raquel_Fernandez_Fuertes\" target=\"_blank\"><img decoding=\"async\" src=\"http:\/\/uvalal.uva.es\/files\/2020\/09\/rg-150x150b.png\" \/><\/a><\/td>\n        <td class=\"tabla_uvalal_texto\"><\/td>\n    <\/tr>\n<\/table>\t\t\t\t<\/div>\n\t\t\t\t<\/div>\n\t\t\t\t\t<\/div>\n\t\t<\/div>\n\t\t\t\t<div class=\"elementor-column elementor-col-50 elementor-inner-column elementor-element elementor-element-5018b270\" data-id=\"5018b270\" data-element_type=\"column\" data-e-type=\"column\">\n\t\t\t<div class=\"elementor-widget-wrap elementor-element-populated\">\n\t\t\t\t\t\t<div class=\"elementor-element elementor-element-4a8810b2 elementor-widget elementor-widget-text-editor\" data-id=\"4a8810b2\" data-element_type=\"widget\" data-e-type=\"widget\" data-widget_type=\"text-editor.default\">\n\t\t\t\t<div class=\"elementor-widget-container\">\n\t\t\t\t\t\t\t\t\t<h3>Raquel Fern\u00e1ndez Fuertes<\/h3><p>Raquel Fern\u00e1ndez Fuertes es profesora titular del Departamento de Filolog\u00eda inglesa de la Universidad de Valladolid (Espa\u00f1a) y directora del grupo de investigaci\u00f3n UVALAL <em>(Laboratorio de Adquisici\u00f3n del Lenguaje de la Universidad de Valladolid)<\/em>. Est\u00e1 especializada en teor\u00eda ling\u00fc\u00edstica, gram\u00e1tica comparada y adquisici\u00f3n biling\u00fce. Su investigaci\u00f3n parte de la teor\u00eda ling\u00fc\u00edstica y premisas minimalistas para el estudio del contacto entre lenguas y de los fen\u00f3menos ling\u00fc\u00edsticos que surgen en situaciones biling\u00fces a trav\u00e9s del an\u00e1lisis de datos espont\u00e1neos y experimentales recogidos por medio de distintas metodolog\u00edas.<\/p>\t\t\t\t\t\t\t\t<\/div>\n\t\t\t\t<\/div>\n\t\t\t\t\t<\/div>\n\t\t<\/div>\n\t\t\t\t\t<\/div>\n\t\t<\/section>\n\t\t\t\t<section class=\"elementor-section elementor-inner-section elementor-element elementor-element-1849d3ec elementor-section-boxed elementor-section-height-default elementor-section-height-default\" data-id=\"1849d3ec\" data-element_type=\"section\" data-e-type=\"section\">\n\t\t\t\t\t\t<div class=\"elementor-container elementor-column-gap-default\">\n\t\t\t\t\t<div class=\"elementor-column elementor-col-50 elementor-inner-column elementor-element elementor-element-28f84454\" data-id=\"28f84454\" data-element_type=\"column\" data-e-type=\"column\">\n\t\t\t<div class=\"elementor-widget-wrap elementor-element-populated\">\n\t\t\t\t\t\t<div class=\"elementor-element elementor-element-383fb759 elementor-widget elementor-widget-image\" data-id=\"383fb759\" data-element_type=\"widget\" data-e-type=\"widget\" data-widget_type=\"image.default\">\n\t\t\t\t<div class=\"elementor-widget-container\">\n\t\t\t\t\t\t\t\t\t\t\t\t\t\t\t<img decoding=\"async\" width=\"770\" height=\"513\" src=\"https:\/\/uvalal.uva.es\/files\/2026\/01\/2.UVALAL-Dec-2025-Esther-1-1024x682.jpeg\" class=\"attachment-large size-large wp-image-7490\" alt=\"\" srcset=\"https:\/\/uvalal.uva.es\/files\/2026\/01\/2.UVALAL-Dec-2025-Esther-1-1024x682.jpeg 1024w, https:\/\/uvalal.uva.es\/files\/2026\/01\/2.UVALAL-Dec-2025-Esther-1-300x200.jpeg 300w, https:\/\/uvalal.uva.es\/files\/2026\/01\/2.UVALAL-Dec-2025-Esther-1-768x512.jpeg 768w, https:\/\/uvalal.uva.es\/files\/2026\/01\/2.UVALAL-Dec-2025-Esther-1-1536x1023.jpeg 1536w, https:\/\/uvalal.uva.es\/files\/2026\/01\/2.UVALAL-Dec-2025-Esther-1.jpeg 1600w\" sizes=\"(max-width: 770px) 100vw, 770px\" \/>\t\t\t\t\t\t\t\t\t\t\t\t\t\t\t<\/div>\n\t\t\t\t<\/div>\n\t\t\t\t<div class=\"elementor-element elementor-element-6a8d0052 elementor-widget elementor-widget-html\" data-id=\"6a8d0052\" data-element_type=\"widget\" data-e-type=\"widget\" data-widget_type=\"html.default\">\n\t\t\t\t<div class=\"elementor-widget-container\">\n\t\t\t\t\t<table class=\"tabla_uvalal1\">\n    <tr>\n        <td class=\"tabla_uvalal_imagen\"><a href=\"mailto:esther.alvarez@uva.es\"><img decoding=\"async\" src=\"http:\/\/uvalal.uva.es\/files\/2020\/09\/images-1.png\" \/><\/a><\/td>\n        <td class=\"tabla_uvalal_texto\"><a href=\"mailto:esther.alvarez@uva.es\">esther.alvarez@uva.es<\/a><\/td>\n    <\/tr>\n    <tr>\n        <td class=\"tabla_uvalal_imagen\"><a href=\"https:\/\/orcid.org\/0000-0003-4017-6599\" target=\"_blank\"><img decoding=\"async\" src=\"http:\/\/uvalal.uva.es\/files\/2020\/09\/orcid.png\" \/><\/a><\/td>\n        <td class=\"tabla_uvalal_texto\"><\/td>\n    <\/tr>\n    <tr>\n        <td class=\"tabla_uvalal_imagen\"><a href=\"https:\/\/www.researchgate.net\/profile\/Esther_Alvarez_De_La_Fuente\" target=\"_blank\"><img decoding=\"async\" src=\"http:\/\/uvalal.uva.es\/files\/2020\/09\/rg-150x150b.png\" \/><\/a><\/td>\n        <td class=\"tabla_uvalal_texto\"><\/td>\n    <\/tr>\n<\/table>\t\t\t\t<\/div>\n\t\t\t\t<\/div>\n\t\t\t\t\t<\/div>\n\t\t<\/div>\n\t\t\t\t<div class=\"elementor-column elementor-col-50 elementor-inner-column elementor-element elementor-element-3c596a6d\" data-id=\"3c596a6d\" data-element_type=\"column\" data-e-type=\"column\">\n\t\t\t<div class=\"elementor-widget-wrap elementor-element-populated\">\n\t\t\t\t\t\t<div class=\"elementor-element elementor-element-59899c4e elementor-widget elementor-widget-text-editor\" data-id=\"59899c4e\" data-element_type=\"widget\" data-e-type=\"widget\" data-widget_type=\"text-editor.default\">\n\t\t\t\t<div class=\"elementor-widget-container\">\n\t\t\t\t\t\t\t\t\t<h3>Esther \u00c1lvarez de la Fuente<\/h3><p>Esther \u00c1lvarez de la Fuente es profesora del Departamento de Filolog\u00eda inglesa de la Universidad de Valladolid (Espa\u00f1a). Su investigaci\u00f3n se centra en el an\u00e1lisis morfosint\u00e1ctico de la interpretaci\u00f3n\/traducci\u00f3n natural (aquella realizada por hablantes biling\u00fces en circunstancias cotidianas y sin formaci\u00f3n acad\u00e9mica en traducci\u00f3n) llevada a cabo por ni\u00f1os biling\u00fces, as\u00ed como en el estudio de la habilidad traductora de los int\u00e9rpretes naturales. Como miembro del GIR (Grupo de Investigaci\u00f3n Reconocido) UVALAL, trabaja en el estudio de fen\u00f3menos de contacto de lenguas en datos experimentales y espont\u00e1neos de ni\u00f1os y adultos biling\u00fces.<\/p>\t\t\t\t\t\t\t\t<\/div>\n\t\t\t\t<\/div>\n\t\t\t\t\t<\/div>\n\t\t<\/div>\n\t\t\t\t\t<\/div>\n\t\t<\/section>\n\t\t\t\t<section class=\"elementor-section elementor-inner-section elementor-element elementor-element-0f853a3 elementor-section-boxed elementor-section-height-default elementor-section-height-default\" data-id=\"0f853a3\" data-element_type=\"section\" data-e-type=\"section\">\n\t\t\t\t\t\t<div class=\"elementor-container elementor-column-gap-default\">\n\t\t\t\t\t<div class=\"elementor-column elementor-col-50 elementor-inner-column elementor-element elementor-element-7d916076\" data-id=\"7d916076\" data-element_type=\"column\" data-e-type=\"column\">\n\t\t\t<div class=\"elementor-widget-wrap elementor-element-populated\">\n\t\t\t\t\t\t<div class=\"elementor-element elementor-element-71c28137 elementor-widget elementor-widget-image\" data-id=\"71c28137\" data-element_type=\"widget\" data-e-type=\"widget\" data-widget_type=\"image.default\">\n\t\t\t\t<div class=\"elementor-widget-container\">\n\t\t\t\t\t\t\t\t\t\t\t\t\t\t\t<img decoding=\"async\" width=\"770\" height=\"513\" src=\"https:\/\/uvalal.uva.es\/files\/2026\/01\/3.UVALAL-Dec-2025-Sonja-1-1024x682.jpeg\" class=\"attachment-large size-large wp-image-7491\" alt=\"\" srcset=\"https:\/\/uvalal.uva.es\/files\/2026\/01\/3.UVALAL-Dec-2025-Sonja-1-1024x682.jpeg 1024w, https:\/\/uvalal.uva.es\/files\/2026\/01\/3.UVALAL-Dec-2025-Sonja-1-300x200.jpeg 300w, https:\/\/uvalal.uva.es\/files\/2026\/01\/3.UVALAL-Dec-2025-Sonja-1-768x512.jpeg 768w, https:\/\/uvalal.uva.es\/files\/2026\/01\/3.UVALAL-Dec-2025-Sonja-1-1536x1023.jpeg 1536w, https:\/\/uvalal.uva.es\/files\/2026\/01\/3.UVALAL-Dec-2025-Sonja-1.jpeg 1600w\" sizes=\"(max-width: 770px) 100vw, 770px\" \/>\t\t\t\t\t\t\t\t\t\t\t\t\t\t\t<\/div>\n\t\t\t\t<\/div>\n\t\t\t\t<div class=\"elementor-element elementor-element-3ed7b0c elementor-widget elementor-widget-html\" data-id=\"3ed7b0c\" data-element_type=\"widget\" data-e-type=\"widget\" data-widget_type=\"html.default\">\n\t\t\t\t<div class=\"elementor-widget-container\">\n\t\t\t\t\t<table class=\"tabla_uvalal1\">\n    <tr>\n        <td class=\"tabla_uvalal_imagen\"><a href=\"mailto:sonja.mujcinovic@uva.es\"><img decoding=\"async\" src=\"http:\/\/uvalal.uva.es\/files\/2020\/09\/images-1.png\" \/><\/a><\/td>\n        <td class=\"tabla_uvalal_texto\"><a href=\"mailto:sonja.mujcinovic@uva.es\">sonja.mujcinovic@uva.es<\/a><\/td>\n    <\/tr><tr><\/tr>\n        <td class=\"tabla_uvalal_imagen\"><a href=\"http:\/\/orcid.org\/0000-0003-0194-1155\" target=\"_blank\"><img decoding=\"async\" src=\"http:\/\/uvalal.uva.es\/files\/2020\/09\/orcid.png\" \/><\/a><\/td>\n        <td class=\"tabla_uvalal_texto\"><\/td>\n    <\/tr>\n    <tr>\n        <td class=\"tabla_uvalal_imagen\"><a href=\"https:\/\/www.researchgate.net\/profile\/Sonja_Mujcinovic\" target=\"_blank\"><img decoding=\"async\" src=\"http:\/\/uvalal.uva.es\/files\/2020\/09\/rg-150x150b.png\" \/><\/a><\/td>\n        <td class=\"tabla_uvalal_texto\"><\/td>\n    <\/tr>\n    \n<\/table>\t\t\t\t<\/div>\n\t\t\t\t<\/div>\n\t\t\t\t\t<\/div>\n\t\t<\/div>\n\t\t\t\t<div class=\"elementor-column elementor-col-50 elementor-inner-column elementor-element elementor-element-13500d7d\" data-id=\"13500d7d\" data-element_type=\"column\" data-e-type=\"column\">\n\t\t\t<div class=\"elementor-widget-wrap elementor-element-populated\">\n\t\t\t\t\t\t<div class=\"elementor-element elementor-element-78881fb1 elementor-widget elementor-widget-text-editor\" data-id=\"78881fb1\" data-element_type=\"widget\" data-e-type=\"widget\" data-widget_type=\"text-editor.default\">\n\t\t\t\t<div class=\"elementor-widget-container\">\n\t\t\t\t\t\t\t\t\t<h3>Sonja Mujcinovic<\/h3><p><span style=\"font-style: normal;font-size: 13pt;font-family: Georgia, serif\">Sonja Mujcinovic es profesora del Departamento de Filolog\u00eda inglesa de la Universidad de Valladolid (Espa\u00f1a)<\/span>.\u00a0<span style=\"font-family: Georgia, serif\"><span style=\"font-size: 13pt\">Su investigaci\u00f3n se centra principalmente en la adquisici\u00f3n de segundas, la tipolog\u00eda ling\u00fc\u00edstica, el an\u00e1lisis morfosint\u00e1ctico biling\u00fce y la influencia interling\u00fc\u00edstica principalmente en la adquisici\u00f3n de sujetos oracionales en el caso del ingl\u00e9s como L2 de <\/span><span style=\"font-size: 17.333334px\">hablantes L1 dan\u00e9s, L1 bosnio y L1 espa\u00f1ol<\/span><span style=\"font-size: 13pt\">\u00a0. Como miembro del GIR (Grupo de Investigaci\u00f3n Reconocido) UVALAL, trabaja con datos espont\u00e1neos y experimentales de adultos y ni\u00f1os en situaciones de lenguas en contacto.<\/span><\/span><\/p><p style=\"margin: 0cm;font-size: medium;font-family: Calibri, sans-serif;font-style: normal\">\u00a0<\/p><p style=\"margin: 0cm;font-size: medium;font-family: Calibri, sans-serif;font-style: normal\">\u00a0<\/p>\t\t\t\t\t\t\t\t<\/div>\n\t\t\t\t<\/div>\n\t\t\t\t\t<\/div>\n\t\t<\/div>\n\t\t\t\t\t<\/div>\n\t\t<\/section>\n\t\t\t\t<section class=\"elementor-section elementor-inner-section elementor-element elementor-element-29aaa997 elementor-section-boxed elementor-section-height-default elementor-section-height-default\" data-id=\"29aaa997\" data-element_type=\"section\" data-e-type=\"section\">\n\t\t\t\t\t\t<div class=\"elementor-container elementor-column-gap-default\">\n\t\t\t\t\t<div class=\"elementor-column elementor-col-50 elementor-inner-column elementor-element elementor-element-58af0e7e\" data-id=\"58af0e7e\" data-element_type=\"column\" data-e-type=\"column\">\n\t\t\t<div class=\"elementor-widget-wrap elementor-element-populated\">\n\t\t\t\t\t\t<div class=\"elementor-element elementor-element-36a2fe99 elementor-widget elementor-widget-image\" data-id=\"36a2fe99\" data-element_type=\"widget\" data-e-type=\"widget\" data-widget_type=\"image.default\">\n\t\t\t\t<div class=\"elementor-widget-container\">\n\t\t\t\t\t\t\t\t\t\t\t\t\t\t\t<img loading=\"lazy\" decoding=\"async\" width=\"770\" height=\"513\" src=\"https:\/\/uvalal.uva.es\/files\/2026\/01\/4.UVALAL-Dec-2025-Tamara-1-1024x682.jpeg\" class=\"attachment-large size-large wp-image-7492\" alt=\"\" srcset=\"https:\/\/uvalal.uva.es\/files\/2026\/01\/4.UVALAL-Dec-2025-Tamara-1-1024x682.jpeg 1024w, https:\/\/uvalal.uva.es\/files\/2026\/01\/4.UVALAL-Dec-2025-Tamara-1-300x200.jpeg 300w, https:\/\/uvalal.uva.es\/files\/2026\/01\/4.UVALAL-Dec-2025-Tamara-1-768x512.jpeg 768w, https:\/\/uvalal.uva.es\/files\/2026\/01\/4.UVALAL-Dec-2025-Tamara-1-1536x1023.jpeg 1536w, https:\/\/uvalal.uva.es\/files\/2026\/01\/4.UVALAL-Dec-2025-Tamara-1.jpeg 1600w\" sizes=\"(max-width: 770px) 100vw, 770px\" \/>\t\t\t\t\t\t\t\t\t\t\t\t\t\t\t<\/div>\n\t\t\t\t<\/div>\n\t\t\t\t<div class=\"elementor-element elementor-element-7b7c2ef0 elementor-widget elementor-widget-html\" data-id=\"7b7c2ef0\" data-element_type=\"widget\" data-e-type=\"widget\" data-widget_type=\"html.default\">\n\t\t\t\t<div class=\"elementor-widget-container\">\n\t\t\t\t\t<table class=\"tabla_uvalal1\">\n     <tr>\n        <td class=\"tabla_uvalal_imagen\"><a href=\"mailto:tamara.gomez.carrero@uva.es\"><img decoding=\"async\" src=\"http:\/\/uvalal.uva.es\/files\/2020\/09\/images-1.png\" \/><\/a><\/td>\n        <td class=\"tabla_uvalal_texto\"><a href=\"mailto:tamara.gomez.carrero@uva.es\">\t\ttamara.gomez.carrero@uva.es<\/a><\/td>\n    <\/tr><tr>  <td class=\"tabla_uvalal_imagen\"><a href=\"https:\/\/orcid.org\/0000-0002-8838-412X\" target=\"_blank\"><img decoding=\"async\" src=\"http:\/\/uvalal.uva.es\/files\/2020\/09\/orcid.png\" \/><\/a><\/td>\n        <td class=\"tabla_uvalal_texto\"><\/td>\n    <\/tr>\n    <tr>\n        <td class=\"tabla_uvalal_imagen\"><a href=\"https:\/\/www.researchgate.net\/profile\/Tamara_Gomez_Carrero\" target=\"_blank\"><img decoding=\"async\" src=\"http:\/\/uvalal.uva.es\/files\/2020\/09\/rg-150x150b.png\" \/><\/a><\/td>\n        <td class=\"tabla_uvalal_texto\"><\/td>\n    <\/tr>\n<\/table>\t\t\t\t<\/div>\n\t\t\t\t<\/div>\n\t\t\t\t\t<\/div>\n\t\t<\/div>\n\t\t\t\t<div class=\"elementor-column elementor-col-50 elementor-inner-column elementor-element elementor-element-3f5213da\" data-id=\"3f5213da\" data-element_type=\"column\" data-e-type=\"column\">\n\t\t\t<div class=\"elementor-widget-wrap elementor-element-populated\">\n\t\t\t\t\t\t<div class=\"elementor-element elementor-element-4ddb43f6 elementor-widget elementor-widget-text-editor\" data-id=\"4ddb43f6\" data-element_type=\"widget\" data-e-type=\"widget\" data-widget_type=\"text-editor.default\">\n\t\t\t\t<div class=\"elementor-widget-container\">\n\t\t\t\t\t\t\t\t\t<h3>Tamara G\u00f3mez Carrero<\/h3><p>Tamara G\u00f3mez Carrero es profesora ayudante doctora en el departamento de filolog\u00eda inglesa de la Universidad de Valladolid. Su investigaci\u00f3n se centra en la adquisici\u00f3n biling\u00fce y de segundas lenguas. En concreto, se centra en el an\u00e1lisis de los fen\u00f3menos que surgen en contextos de lenguas en contacto. Su trabajo explora la adquisici\u00f3n, el procesamiento y la percepci\u00f3n del g\u00e9nero gramatical por parte de hablantes biling\u00fces mediante el uso de diferentes metodolog\u00edas (seguimiento ocular, tiempos de reacci\u00f3n). A trav\u00e9s del an\u00e1lisis de datos experimentales, su trabajo busca descubrir c\u00f3mo se representan las propiedades gramaticales en la mente del biling\u00fce y los procesos (psico)ling\u00fc\u00edsticos involucrados. Como miembro del grupo de investigaci\u00f3n UVALAL, participa en el dise\u00f1o de tareas experimentales y en la recopilaci\u00f3n de datos ling\u00fc\u00edsticos de ni\u00f1os y adultos biling\u00fces.<\/p>\t\t\t\t\t\t\t\t<\/div>\n\t\t\t\t<\/div>\n\t\t\t\t\t<\/div>\n\t\t<\/div>\n\t\t\t\t\t<\/div>\n\t\t<\/section>\n\t\t\t\t<section class=\"elementor-section elementor-inner-section elementor-element elementor-element-67df92a1 elementor-section-boxed elementor-section-height-default elementor-section-height-default\" data-id=\"67df92a1\" data-element_type=\"section\" data-e-type=\"section\">\n\t\t\t\t\t\t<div class=\"elementor-container elementor-column-gap-default\">\n\t\t\t\t\t<div class=\"elementor-column elementor-col-50 elementor-inner-column elementor-element elementor-element-23c9459a\" data-id=\"23c9459a\" data-element_type=\"column\" data-e-type=\"column\">\n\t\t\t<div class=\"elementor-widget-wrap elementor-element-populated\">\n\t\t\t\t\t\t<div class=\"elementor-element elementor-element-7844a16b elementor-widget elementor-widget-image\" data-id=\"7844a16b\" data-element_type=\"widget\" data-e-type=\"widget\" data-widget_type=\"image.default\">\n\t\t\t\t<div class=\"elementor-widget-container\">\n\t\t\t\t\t\t\t\t\t\t\t\t\t\t\t<img loading=\"lazy\" decoding=\"async\" width=\"770\" height=\"513\" src=\"https:\/\/uvalal.uva.es\/files\/2026\/01\/5.UVALAL-Dec-2025-Maite-1-1024x682.jpeg\" class=\"attachment-large size-large wp-image-7497\" alt=\"\" srcset=\"https:\/\/uvalal.uva.es\/files\/2026\/01\/5.UVALAL-Dec-2025-Maite-1-1024x682.jpeg 1024w, https:\/\/uvalal.uva.es\/files\/2026\/01\/5.UVALAL-Dec-2025-Maite-1-300x200.jpeg 300w, https:\/\/uvalal.uva.es\/files\/2026\/01\/5.UVALAL-Dec-2025-Maite-1-768x512.jpeg 768w, https:\/\/uvalal.uva.es\/files\/2026\/01\/5.UVALAL-Dec-2025-Maite-1-1536x1023.jpeg 1536w, https:\/\/uvalal.uva.es\/files\/2026\/01\/5.UVALAL-Dec-2025-Maite-1.jpeg 1600w\" sizes=\"(max-width: 770px) 100vw, 770px\" \/>\t\t\t\t\t\t\t\t\t\t\t\t\t\t\t<\/div>\n\t\t\t\t<\/div>\n\t\t\t\t<div class=\"elementor-element elementor-element-7c4c0a88 elementor-widget elementor-widget-html\" data-id=\"7c4c0a88\" data-element_type=\"widget\" data-e-type=\"widget\" data-widget_type=\"html.default\">\n\t\t\t\t<div class=\"elementor-widget-container\">\n\t\t\t\t\t<table class=\"tabla_uvalal1\">\n     <tr>\n        <td class=\"tabla_uvalal_imagen\"><a href=\"mailto:mariateresamg@uva.es\"><img decoding=\"async\" src=\"http:\/\/uvalal.uva.es\/files\/2020\/09\/images-1.png\" \/><\/a><\/td>\n        <td class=\"tabla_uvalal_texto\"><a href=\"mailto:mariateresamg@uva.es\">mariateresamg@uva.es<\/a><\/td>\n    <\/tr><tr><\/tr>  <td class=\"tabla_uvalal_imagen\"><a href=\"https:\/\/orcid.org\/0000-0003-3187-0853\" target=\"_blank\"><img decoding=\"async\" src=\"http:\/\/uvalal.uva.es\/files\/2020\/09\/orcid.png\" \/><\/a><\/td>\n        <td class=\"tabla_uvalal_texto\"><\/td>\n    <\/tr><tr>\n        <td class=\"tabla_uvalal_imagen\"><a href=\"https:\/\/www.researchgate.net\/profile\/Maria-Teresa-Martinez-Garcia\" target=\"_blank\"><img decoding=\"async\" src=\"http:\/\/uvalal.uva.es\/files\/2020\/09\/rg-150x150b.png\" \/><\/a><\/td>\n        <td class=\"tabla_uvalal_texto\"><\/td>\n    <\/tr>\n<\/table>\t\t\t\t<\/div>\n\t\t\t\t<\/div>\n\t\t\t\t\t<\/div>\n\t\t<\/div>\n\t\t\t\t<div class=\"elementor-column elementor-col-50 elementor-inner-column elementor-element elementor-element-6fd885ef\" data-id=\"6fd885ef\" data-element_type=\"column\" data-e-type=\"column\">\n\t\t\t<div class=\"elementor-widget-wrap elementor-element-populated\">\n\t\t\t\t\t\t<div class=\"elementor-element elementor-element-e20d727 elementor-widget elementor-widget-text-editor\" data-id=\"e20d727\" data-element_type=\"widget\" data-e-type=\"widget\" data-widget_type=\"text-editor.default\">\n\t\t\t\t<div class=\"elementor-widget-container\">\n\t\t\t\t\t\t\t\t\t<h3>Mar\u00eda Teresa (Maite) Mart\u00ednez Garc\u00eda<\/h3><p>Maite Mart\u00ednez Garc\u00eda es profesora permanente laboral del Departamento de Filolog\u00eda Inglesa en el Campus Duques de Soria de la Universidad de Valladolid (Espa\u00f1a). Su investigaci\u00f3n se centra en la percepci\u00f3n del habla en aprendices de una segunda lengua, con especial atenci\u00f3n al procesamiento del acento l\u00e9xico y al efecto de la ortograf\u00eda en el reconocimiento de palabras en L2. Desde una perspectiva experimental, emplea t\u00e9cnicas como eye-tracking y an\u00e1lisis ac\u00fastico para examinar c\u00f3mo hablantes nativos de distintas lenguas (alem\u00e1n, chino, coreano, franc\u00e9s, japon\u00e9s e ingl\u00e9s) procesan informaci\u00f3n fonol\u00f3gica en contextos de adquisici\u00f3n de L2. Como miembro del GIR UVALAL, trabaja con datos espont\u00e1neos y experimentales de adultos y ni\u00f1os en situaciones de contacto ling\u00fc\u00edstico. Su investigaci\u00f3n se enmarca en modelos de procesamiento biling\u00fce y percepci\u00f3n del habla en L2, y contribuye a la comprensi\u00f3n de los mecanismos cognitivos involucrados en el reconocimiento de palabras.<\/p>\t\t\t\t\t\t\t\t<\/div>\n\t\t\t\t<\/div>\n\t\t\t\t\t<\/div>\n\t\t<\/div>\n\t\t\t\t\t<\/div>\n\t\t<\/section>\n\t\t\t\t<section class=\"elementor-section elementor-inner-section elementor-element elementor-element-3368cbc elementor-section-boxed elementor-section-height-default elementor-section-height-default\" data-id=\"3368cbc\" data-element_type=\"section\" data-e-type=\"section\">\n\t\t\t\t\t\t<div class=\"elementor-container elementor-column-gap-default\">\n\t\t\t\t\t<div class=\"elementor-column elementor-col-50 elementor-inner-column elementor-element elementor-element-912510a\" data-id=\"912510a\" data-element_type=\"column\" data-e-type=\"column\">\n\t\t\t<div class=\"elementor-widget-wrap elementor-element-populated\">\n\t\t\t\t\t\t<div class=\"elementor-element elementor-element-65c58b8 elementor-widget elementor-widget-image\" data-id=\"65c58b8\" data-element_type=\"widget\" data-e-type=\"widget\" data-widget_type=\"image.default\">\n\t\t\t\t<div class=\"elementor-widget-container\">\n\t\t\t\t\t\t\t\t\t\t\t\t\t\t\t<img loading=\"lazy\" decoding=\"async\" width=\"770\" height=\"513\" src=\"https:\/\/uvalal.uva.es\/files\/2026\/01\/6.UVALAL-Dec-2025-Qianting-1-1024x682.jpeg\" class=\"attachment-large size-large wp-image-7493\" alt=\"\" srcset=\"https:\/\/uvalal.uva.es\/files\/2026\/01\/6.UVALAL-Dec-2025-Qianting-1-1024x682.jpeg 1024w, https:\/\/uvalal.uva.es\/files\/2026\/01\/6.UVALAL-Dec-2025-Qianting-1-300x200.jpeg 300w, https:\/\/uvalal.uva.es\/files\/2026\/01\/6.UVALAL-Dec-2025-Qianting-1-768x512.jpeg 768w, https:\/\/uvalal.uva.es\/files\/2026\/01\/6.UVALAL-Dec-2025-Qianting-1-1536x1023.jpeg 1536w, https:\/\/uvalal.uva.es\/files\/2026\/01\/6.UVALAL-Dec-2025-Qianting-1.jpeg 1600w\" sizes=\"(max-width: 770px) 100vw, 770px\" \/>\t\t\t\t\t\t\t\t\t\t\t\t\t\t\t<\/div>\n\t\t\t\t<\/div>\n\t\t\t\t<div class=\"elementor-element elementor-element-981426d elementor-widget elementor-widget-html\" data-id=\"981426d\" data-element_type=\"widget\" data-e-type=\"widget\" data-widget_type=\"html.default\">\n\t\t\t\t<div class=\"elementor-widget-container\">\n\t\t\t\t\t<table class=\"tabla_uvalal1\">\n     <tr>\n        <td class=\"tabla_uvalal_imagen\"><a href=\"mailto:qianting.yuan@uva.es\"><img decoding=\"async\" src=\"http:\/\/uvalal.uva.es\/files\/2020\/09\/images-1.png\" \/><\/a><\/td>\n        <td class=\"tabla_uvalal_texto\"><a href=\"mailto:qianting.yuan@uva.es\">qianting.yuan@uva.es<\/a><\/td>\n    <\/tr><tr>\n        <td class=\"tabla_uvalal_imagen\"><a href=\"https:\/\/www.researchgate.net\/publication\/319980499_AN_ANALYSIS_OF_INTERLINGUISTIC_INFLUENCE_FROM_CHINESE_INTO_ENGLISH_IN_DIRECT_OBJECT_REALIZATION_IN_CHINESE-ENGLISH_BILINGUAL_CHILDREN\" target=\"_blank\"><img decoding=\"async\" src=\"http:\/\/uvalal.uva.es\/files\/2020\/09\/rg-150x150b.png\" \/><\/a><\/td>\n        <td class=\"tabla_uvalal_texto\"><\/td>\n    <\/tr>\n<\/table>\t\t\t\t<\/div>\n\t\t\t\t<\/div>\n\t\t\t\t\t<\/div>\n\t\t<\/div>\n\t\t\t\t<div class=\"elementor-column elementor-col-50 elementor-inner-column elementor-element elementor-element-6668f73\" data-id=\"6668f73\" data-element_type=\"column\" data-e-type=\"column\">\n\t\t\t<div class=\"elementor-widget-wrap elementor-element-populated\">\n\t\t\t\t\t\t<div class=\"elementor-element elementor-element-5ad4614 elementor-widget elementor-widget-text-editor\" data-id=\"5ad4614\" data-element_type=\"widget\" data-e-type=\"widget\" data-widget_type=\"text-editor.default\">\n\t\t\t\t<div class=\"elementor-widget-container\">\n\t\t\t\t\t\t\t\t\t<h3>Qianting Yuan<\/h3><p>Qianting Yuan es profesora en el Departamento de Filolog\u00eda Inglesa de la Universidad de Valladolid (Espa\u00f1a). Sus principales l\u00edneas de investigaci\u00f3n se centran en la adquisici\u00f3n biling\u00fce y de segundas lenguas, con especial atenci\u00f3n a la influencia interling\u00fc\u00edstica en hablantes de chino como L1 y de ingl\u00e9s como L1\/L2. Asimismo, investiga la aplicaci\u00f3n de las TICs en la educaci\u00f3n superior. Como miembro del GIR UVALAL, analiza fen\u00f3menos ling\u00fc\u00edsticos que surgen en situaciones de contacto de lenguas, a partir de datos tanto espont\u00e1neos como experimentales de biling\u00fces infantiles y adultos.<\/p>\t\t\t\t\t\t\t\t<\/div>\n\t\t\t\t<\/div>\n\t\t\t\t\t<\/div>\n\t\t<\/div>\n\t\t\t\t\t<\/div>\n\t\t<\/section>\n\t\t\t\t<section class=\"elementor-section elementor-inner-section elementor-element elementor-element-62c85762 elementor-section-boxed elementor-section-height-default elementor-section-height-default\" data-id=\"62c85762\" data-element_type=\"section\" data-e-type=\"section\">\n\t\t\t\t\t\t<div class=\"elementor-container elementor-column-gap-default\">\n\t\t\t\t\t<div class=\"elementor-column elementor-col-50 elementor-inner-column elementor-element elementor-element-5b487d32\" data-id=\"5b487d32\" data-element_type=\"column\" data-e-type=\"column\">\n\t\t\t<div class=\"elementor-widget-wrap elementor-element-populated\">\n\t\t\t\t\t\t<div class=\"elementor-element elementor-element-623392cf elementor-widget elementor-widget-image\" data-id=\"623392cf\" data-element_type=\"widget\" data-e-type=\"widget\" data-widget_type=\"image.default\">\n\t\t\t\t<div class=\"elementor-widget-container\">\n\t\t\t\t\t\t\t\t\t\t\t\t\t\t\t<img loading=\"lazy\" decoding=\"async\" width=\"770\" height=\"513\" src=\"https:\/\/uvalal.uva.es\/files\/2026\/01\/7.UVALAL-Dec-2025-Edu-1-1024x682.jpeg\" class=\"attachment-large size-large wp-image-7494\" alt=\"\" srcset=\"https:\/\/uvalal.uva.es\/files\/2026\/01\/7.UVALAL-Dec-2025-Edu-1-1024x682.jpeg 1024w, https:\/\/uvalal.uva.es\/files\/2026\/01\/7.UVALAL-Dec-2025-Edu-1-300x200.jpeg 300w, https:\/\/uvalal.uva.es\/files\/2026\/01\/7.UVALAL-Dec-2025-Edu-1-768x512.jpeg 768w, https:\/\/uvalal.uva.es\/files\/2026\/01\/7.UVALAL-Dec-2025-Edu-1-1536x1023.jpeg 1536w, https:\/\/uvalal.uva.es\/files\/2026\/01\/7.UVALAL-Dec-2025-Edu-1.jpeg 1600w\" sizes=\"(max-width: 770px) 100vw, 770px\" \/>\t\t\t\t\t\t\t\t\t\t\t\t\t\t\t<\/div>\n\t\t\t\t<\/div>\n\t\t\t\t<div class=\"elementor-element elementor-element-17474858 elementor-widget elementor-widget-html\" data-id=\"17474858\" data-element_type=\"widget\" data-e-type=\"widget\" data-widget_type=\"html.default\">\n\t\t\t\t<div class=\"elementor-widget-container\">\n\t\t\t\t\t<table class=\"tabla_uvalal1\">\n   \n       <tr>\n        <td class=\"tabla_uvalal_imagen\"><a href=\"mailto:eduardo.gomez.garzaran@uva.es\"><img decoding=\"async\" src=\"http:\/\/uvalal.uva.es\/files\/2020\/09\/images-1.png\" \/><\/a><\/td>\n        <td class=\"tabla_uvalal_texto\"><a href=\"mailto:eduardo.gomez.garzaran@uva.es\">eduardo.gomez.garzaran@uva.es<\/a><\/td>\n    <\/tr><tr><\/tr>  <td class=\"tabla_uvalal_imagen\"><a href=\"http:\/\/orcid.org\/0000-0003-2726-2898\" target=\"_blank\"><img decoding=\"async\" src=\"http:\/\/uvalal.uva.es\/files\/2020\/09\/orcid.png\" \/><\/a><\/td>\n        <td class=\"tabla_uvalal_texto\"><\/td>\n    <\/tr>\n    <tr>\n        <td class=\"tabla_uvalal_imagen\"><a href=\"https:\/\/www.researchgate.net\/profile\/Eduardo_Gomez_Garzaran\" target=\"_blank\"><img decoding=\"async\" src=\"http:\/\/uvalal.uva.es\/files\/2020\/09\/rg-150x150b.png\" \/><\/a><\/td>\n        <td class=\"tabla_uvalal_texto\"><\/td>\n    <\/tr>\n    \n<\/table>\t\t\t\t<\/div>\n\t\t\t\t<\/div>\n\t\t\t\t\t<\/div>\n\t\t<\/div>\n\t\t\t\t<div class=\"elementor-column elementor-col-50 elementor-inner-column elementor-element elementor-element-1902e9d\" data-id=\"1902e9d\" data-element_type=\"column\" data-e-type=\"column\">\n\t\t\t<div class=\"elementor-widget-wrap elementor-element-populated\">\n\t\t\t\t\t\t<div class=\"elementor-element elementor-element-2dbd70b elementor-widget elementor-widget-text-editor\" data-id=\"2dbd70b\" data-element_type=\"widget\" data-e-type=\"widget\" data-widget_type=\"text-editor.default\">\n\t\t\t\t<div class=\"elementor-widget-container\">\n\t\t\t\t\t\t\t\t\t<h3>Eduardo G\u00f3mez Garzar\u00e1n<\/h3><p>Eduardo G\u00f3mez Garzar\u00e1n trabaja a tiempo completo en el Colegio Ave Mar\u00eda de Valladolid como coordinador de la secci\u00f3n biling\u00fce y profesor de ingl\u00e9s y asignaturas de contenido en ingl\u00e9s desde 2006, y es profesor asociado de la Universidad de Valladolid. Defendi\u00f3 su tesis doctoral en 2023. Su investigaci\u00f3n versa sobre la interferencia interling\u00fc\u00edstica y el orden de palabras dentro de sintagmas determinantes que presentan modificaci\u00f3n nominal de adjetivos u otros nombres en contextos formales de ense\u00f1anza obligatoria con y sin instrucci\u00f3n expl\u00edcita, que incluyen hablantes nativos de espa\u00f1ol que est\u00e1n aprendiendo ingl\u00e9s como segunda lengua.<\/p>\t\t\t\t\t\t\t\t<\/div>\n\t\t\t\t<\/div>\n\t\t\t\t\t<\/div>\n\t\t<\/div>\n\t\t\t\t\t<\/div>\n\t\t<\/section>\n\t\t\t\t<section class=\"elementor-section elementor-inner-section elementor-element elementor-element-1beb2b33 elementor-section-boxed elementor-section-height-default elementor-section-height-default\" data-id=\"1beb2b33\" data-element_type=\"section\" data-e-type=\"section\">\n\t\t\t\t\t\t<div class=\"elementor-container elementor-column-gap-default\">\n\t\t\t\t\t<div class=\"elementor-column elementor-col-50 elementor-inner-column elementor-element elementor-element-413cea92\" data-id=\"413cea92\" data-element_type=\"column\" data-e-type=\"column\">\n\t\t\t<div class=\"elementor-widget-wrap elementor-element-populated\">\n\t\t\t\t\t\t<div class=\"elementor-element elementor-element-326ba1bf elementor-widget elementor-widget-image\" data-id=\"326ba1bf\" data-element_type=\"widget\" data-e-type=\"widget\" data-widget_type=\"image.default\">\n\t\t\t\t<div class=\"elementor-widget-container\">\n\t\t\t\t\t\t\t\t\t\t\t\t\t\t\t<img loading=\"lazy\" decoding=\"async\" width=\"770\" height=\"513\" src=\"https:\/\/uvalal.uva.es\/files\/2026\/01\/8.UVALAL-Dec-2025-Ali-1-1024x682.jpeg\" class=\"attachment-large size-large wp-image-7495\" alt=\"\" srcset=\"https:\/\/uvalal.uva.es\/files\/2026\/01\/8.UVALAL-Dec-2025-Ali-1-1024x682.jpeg 1024w, https:\/\/uvalal.uva.es\/files\/2026\/01\/8.UVALAL-Dec-2025-Ali-1-300x200.jpeg 300w, https:\/\/uvalal.uva.es\/files\/2026\/01\/8.UVALAL-Dec-2025-Ali-1-768x512.jpeg 768w, https:\/\/uvalal.uva.es\/files\/2026\/01\/8.UVALAL-Dec-2025-Ali-1-1536x1023.jpeg 1536w, https:\/\/uvalal.uva.es\/files\/2026\/01\/8.UVALAL-Dec-2025-Ali-1.jpeg 1600w\" sizes=\"(max-width: 770px) 100vw, 770px\" \/>\t\t\t\t\t\t\t\t\t\t\t\t\t\t\t<\/div>\n\t\t\t\t<\/div>\n\t\t\t\t<div class=\"elementor-element elementor-element-5670ba2b elementor-widget elementor-widget-html\" data-id=\"5670ba2b\" data-element_type=\"widget\" data-e-type=\"widget\" data-widget_type=\"html.default\">\n\t\t\t\t<div class=\"elementor-widget-container\">\n\t\t\t\t\t<table class=\"tabla_uvalal1\">\n    <tr>\n        <td class=\"tabla_uvalal_imagen\"><a href=\"mailto:ali.behzadnia@uva.es\"><img decoding=\"async\" src=\"http:\/\/uvalal.uva.es\/files\/2020\/09\/images-1.png\" \/><\/a><\/td>\n        <td class=\"tabla_uvalal_texto\"><a href=\"mailto:ali.behzadnia@uva.es\">ali.behzadnia@uva.es<\/a><\/td>\n    <\/tr> <tr>\n        <td class=\"tabla_uvalal_imagen\"><a href=\"https:\/\/www.researchgate.net\/profile\/Ali-Behzadnia\" target=\"_blank\"><img decoding=\"async\" src=\"http:\/\/uvalal.uva.es\/files\/2020\/09\/rg-150x150b.png\" \/><\/a><\/td>\n        <td class=\"tabla_uvalal_texto\"><\/td>\n    <\/tr>\n<\/table>\t\t\t\t<\/div>\n\t\t\t\t<\/div>\n\t\t\t\t\t<\/div>\n\t\t<\/div>\n\t\t\t\t<div class=\"elementor-column elementor-col-50 elementor-inner-column elementor-element elementor-element-40ad70b\" data-id=\"40ad70b\" data-element_type=\"column\" data-e-type=\"column\">\n\t\t\t<div class=\"elementor-widget-wrap elementor-element-populated\">\n\t\t\t\t\t\t<div class=\"elementor-element elementor-element-645055aa elementor-widget elementor-widget-text-editor\" data-id=\"645055aa\" data-element_type=\"widget\" data-e-type=\"widget\" data-widget_type=\"text-editor.default\">\n\t\t\t\t<div class=\"elementor-widget-container\">\n\t\t\t\t\t\t\t\t\t<h3>Ali Behzadnia<\/h3><p>Ali Behzadnia es investigador posdoctoral del grupo de investigaci\u00f3n UVALAL (University of Valladolid Language Acquisition Lab) desde 2025. En 2024 se doctor\u00f3 en el programa International Doctorate for Experimental Approaches to Language and Brain (IDEALAB) en Alemania y Australia. Su investigaci\u00f3n se centra en c\u00f3mo se aprenden y procesan las palabras con diferentes morfemas en una primera y una segunda lengua. M\u00e1s concretamente, estudia el aprendizaje y procesamiento de palabras inventadas y morfol\u00f3gicamente complejas en ingl\u00e9s como L1 y L2, tanto en su dimensi\u00f3n oral como escrita. Actualmente est\u00e1 ampliando su investigaci\u00f3n a hablantes nativos de espa\u00f1ol con ingl\u00e9s como L2 a trav\u00e9s de pruebas offline y online, as\u00ed como pruebas de seguimiento ocular.<\/p>\t\t\t\t\t\t\t\t<\/div>\n\t\t\t\t<\/div>\n\t\t\t\t\t<\/div>\n\t\t<\/div>\n\t\t\t\t\t<\/div>\n\t\t<\/section>\n\t\t\t\t<section class=\"elementor-section elementor-inner-section elementor-element elementor-element-43a8c8e elementor-section-boxed elementor-section-height-default elementor-section-height-default\" data-id=\"43a8c8e\" data-element_type=\"section\" data-e-type=\"section\">\n\t\t\t\t\t\t<div class=\"elementor-container elementor-column-gap-default\">\n\t\t\t\t\t<div class=\"elementor-column elementor-col-50 elementor-inner-column elementor-element elementor-element-5dd68e1\" data-id=\"5dd68e1\" data-element_type=\"column\" data-e-type=\"column\">\n\t\t\t<div class=\"elementor-widget-wrap elementor-element-populated\">\n\t\t\t\t\t\t<div class=\"elementor-element elementor-element-fab335c elementor-widget elementor-widget-image\" data-id=\"fab335c\" data-element_type=\"widget\" data-e-type=\"widget\" data-widget_type=\"image.default\">\n\t\t\t\t<div class=\"elementor-widget-container\">\n\t\t\t\t\t\t\t\t\t\t\t\t\t\t\t<img loading=\"lazy\" decoding=\"async\" width=\"770\" height=\"513\" src=\"https:\/\/uvalal.uva.es\/files\/2026\/01\/9.UVALAL-Dec-2025-Susana-1-1024x682.jpeg\" class=\"attachment-large size-large wp-image-7496\" alt=\"\" srcset=\"https:\/\/uvalal.uva.es\/files\/2026\/01\/9.UVALAL-Dec-2025-Susana-1-1024x682.jpeg 1024w, https:\/\/uvalal.uva.es\/files\/2026\/01\/9.UVALAL-Dec-2025-Susana-1-300x200.jpeg 300w, https:\/\/uvalal.uva.es\/files\/2026\/01\/9.UVALAL-Dec-2025-Susana-1-768x512.jpeg 768w, https:\/\/uvalal.uva.es\/files\/2026\/01\/9.UVALAL-Dec-2025-Susana-1-1536x1023.jpeg 1536w, https:\/\/uvalal.uva.es\/files\/2026\/01\/9.UVALAL-Dec-2025-Susana-1.jpeg 1600w\" sizes=\"(max-width: 770px) 100vw, 770px\" \/>\t\t\t\t\t\t\t\t\t\t\t\t\t\t\t<\/div>\n\t\t\t\t<\/div>\n\t\t\t\t<div class=\"elementor-element elementor-element-e00b211 elementor-widget elementor-widget-html\" data-id=\"e00b211\" data-element_type=\"widget\" data-e-type=\"widget\" data-widget_type=\"html.default\">\n\t\t\t\t<div class=\"elementor-widget-container\">\n\t\t\t\t\t<table class=\"tabla_uvalal1\">\n   \n       <tr>\n        <td class=\"tabla_uvalal_imagen\"><a href=\"mailto:susana.merino.manueco@uva.es\"><img decoding=\"async\" src=\"http:\/\/uvalal.uva.es\/files\/2020\/09\/images-1.png\" \/><\/a><\/td>\n        <td class=\"tabla_uvalal_texto\"><a href=\"mailto:susana.merino.manueco@uva.es\">susana.merino.manueco@uva.es<\/a><\/td>\n    <\/tr><tr><\/tr>  <td class=\"tabla_uvalal_imagen\"><a href=\"https:\/\/orcid.org\/0000-0001-7011-2073\" target=\"_blank\"><img decoding=\"async\" src=\"http:\/\/uvalal.uva.es\/files\/2020\/09\/orcid.png\" \/><\/a><\/td>\n        <td class=\"tabla_uvalal_texto\"><\/td>\n    <\/tr>\n    <tr>\n        <td class=\"tabla_uvalal_imagen\"><a href=\"https:\/\/www.researchgate.net\/profile\/Susana-Merino-Manueco\" target=\"_blank\"><img decoding=\"async\" src=\"http:\/\/uvalal.uva.es\/files\/2020\/09\/rg-150x150b.png\" \/><\/a><\/td>\n        <td class=\"tabla_uvalal_texto\"><\/td>\n    <\/tr>\n    \n<\/table>\t\t\t\t<\/div>\n\t\t\t\t<\/div>\n\t\t\t\t\t<\/div>\n\t\t<\/div>\n\t\t\t\t<div class=\"elementor-column elementor-col-50 elementor-inner-column elementor-element elementor-element-c692235\" data-id=\"c692235\" data-element_type=\"column\" data-e-type=\"column\">\n\t\t\t<div class=\"elementor-widget-wrap elementor-element-populated\">\n\t\t\t\t\t\t<div class=\"elementor-element elementor-element-311782c elementor-widget elementor-widget-text-editor\" data-id=\"311782c\" data-element_type=\"widget\" data-e-type=\"widget\" data-widget_type=\"text-editor.default\">\n\t\t\t\t<div class=\"elementor-widget-container\">\n\t\t\t\t\t\t\t\t\t<h3>Susana Merino Ma\u00f1ueco<\/h3><p>Susana Merino Ma\u00f1ueco es profesora asociada del Departamento de Lengua espa\u00f1ola de la Universidad de Valladolid (Espa\u00f1a). Obtuvo el t\u00edtulo de doctora en Espa\u00f1ol: Ling\u00fc\u00edstica, Literatura y Comunicaci\u00f3n en 2018 (Universidad de Valladolid). Su investigaci\u00f3n se centra en la adquisici\u00f3n de segundas lenguas. En particular, se inscribe en el \u00e1rea interdisciplinaria de la Ling\u00fc\u00edstica aplicada a la ense\u00f1anza-aprendizaje de L2, en la problem\u00e1tica de la correcci\u00f3n del error por parte del profesor y de la dotaci\u00f3n de feedback, durante el desarrollo de actividades de producci\u00f3n escrita en L2 en la etapa educativa de Educaci\u00f3n Primaria. Su l\u00ednea de investigaci\u00f3n busca contribuir a la formaci\u00f3n continua de los maestros de L2 en torno al error como resultado de su fuerte impacto afectivo-motivacional en la correcci\u00f3n y el feedback.<\/p>\t\t\t\t\t\t\t\t<\/div>\n\t\t\t\t<\/div>\n\t\t\t\t\t<\/div>\n\t\t<\/div>\n\t\t\t\t\t<\/div>\n\t\t<\/section>\n\t\t\t\t<section class=\"elementor-section elementor-inner-section elementor-element elementor-element-7e4fdb94 elementor-section-boxed elementor-section-height-default elementor-section-height-default\" data-id=\"7e4fdb94\" data-element_type=\"section\" data-e-type=\"section\">\n\t\t\t\t\t\t<div class=\"elementor-container elementor-column-gap-default\">\n\t\t\t\t\t<div class=\"elementor-column elementor-col-100 elementor-inner-column elementor-element elementor-element-3d20bfbd\" data-id=\"3d20bfbd\" data-element_type=\"column\" data-e-type=\"column\">\n\t\t\t<div class=\"elementor-widget-wrap elementor-element-populated\">\n\t\t\t\t\t\t<div class=\"elementor-element elementor-element-6e582315 elementor-widget elementor-widget-heading\" data-id=\"6e582315\" data-element_type=\"widget\" data-e-type=\"widget\" data-widget_type=\"heading.default\">\n\t\t\t\t<div class=\"elementor-widget-container\">\n\t\t\t\t\t<h5 class=\"elementor-heading-title elementor-size-default\">becarios<\/h5>\t\t\t\t<\/div>\n\t\t\t\t<\/div>\n\t\t\t\t\t<\/div>\n\t\t<\/div>\n\t\t\t\t\t<\/div>\n\t\t<\/section>\n\t\t\t\t<section class=\"elementor-section elementor-inner-section elementor-element elementor-element-6c2195a elementor-section-boxed elementor-section-height-default elementor-section-height-default\" data-id=\"6c2195a\" data-element_type=\"section\" data-e-type=\"section\">\n\t\t\t\t\t\t<div class=\"elementor-container elementor-column-gap-default\">\n\t\t\t\t\t<div class=\"elementor-column elementor-col-100 elementor-inner-column elementor-element elementor-element-56fdd111\" data-id=\"56fdd111\" data-element_type=\"column\" data-e-type=\"column\">\n\t\t\t<div class=\"elementor-widget-wrap elementor-element-populated\">\n\t\t\t\t\t\t<div class=\"elementor-element elementor-element-72d67e13 elementor-widget elementor-widget-text-editor\" data-id=\"72d67e13\" data-element_type=\"widget\" data-e-type=\"widget\" data-widget_type=\"text-editor.default\">\n\t\t\t\t<div class=\"elementor-widget-container\">\n\t\t\t\t\t\t\t\t\t<ul><li>Ana Aguado Contreras (2022-2023; estudiante de m\u00e1ster; Consejo social de la UVa)<\/li><li>Tamara G\u00f3mez Carrero (2019-2022; predoctoral; Consejer\u00eda de educaci\u00f3n de la JCyL, Espa\u00f1a)<\/li><li>Alba Rold\u00e1n Garc\u00eda (2021-2022; estudiante de grado; Ministerio de educaci\u00f3n, Espa\u00f1a)<\/li><li>Tamara G\u00f3mez Carrero (enero 2019-junio 2019; predoctoral; Universidad de Valladolid; Espa\u00f1a)<\/li><li><a href=\"https:\/\/www.researchgate.net\/profile\/Alejandro_Martinez30\" target=\"_blank\" rel=\"noopener noreferrer\">Alejandro Mart\u00ednez<\/a> (2018-2019; posdoctoral; proyecto de la Consejer\u00eda de educaci\u00f3n de la Junta de Castilla y Le\u00f3n y el Fondo Europeo de Desarrollo Regional [VA009P17])<\/li><li>Patricia Carro Garc\u00eda (2017-2018; estudiante de grado; Ministerio de educaci\u00f3n, Espa\u00f1a)<\/li><li>Radoslava Stankova Laikova (2015-2016; estudiante de m\u00e1ster; Consejo social de la UVa)<\/li><li><a href=\"https:\/\/www.researchgate.net\/profile\/Luis_Miguel_Toquero\" target=\"_blank\" rel=\"noopener noreferrer\">Luis Miguel Toquero P\u00e9rez<\/a> (2015-2016; estudiante de grado; Ministerio de educaci\u00f3n, Espa\u00f1a)<\/li><li>Silvia S\u00e1nchez Calder\u00f3n (2014-2018; estudiante de doctorado; Consejer\u00eda de educaci\u00f3n de la JCyL, Espa\u00f1a)<\/li><li>Tamara G\u00f3mez Carrero (2014-2015; estudiante de m\u00e1ster; Consejo social de la UVa)<\/li><li>Tamara G\u00f3mez Carrero (2013-2014; estudiante de grado; Ministerio de educaci\u00f3n, Espa\u00f1a)<\/li><\/ul>\t\t\t\t\t\t\t\t<\/div>\n\t\t\t\t<\/div>\n\t\t\t\t\t<\/div>\n\t\t<\/div>\n\t\t\t\t\t<\/div>\n\t\t<\/section>\n\t\t\t\t<section class=\"elementor-section elementor-inner-section elementor-element elementor-element-7dbab371 elementor-section-boxed elementor-section-height-default elementor-section-height-default\" data-id=\"7dbab371\" data-element_type=\"section\" data-e-type=\"section\">\n\t\t\t\t\t\t<div class=\"elementor-container elementor-column-gap-default\">\n\t\t\t\t\t<div class=\"elementor-column elementor-col-50 elementor-inner-column elementor-element elementor-element-410dc6c\" data-id=\"410dc6c\" data-element_type=\"column\" data-e-type=\"column\">\n\t\t\t<div class=\"elementor-widget-wrap elementor-element-populated\">\n\t\t\t\t\t\t<div class=\"elementor-element elementor-element-264451f elementor-widget elementor-widget-image\" data-id=\"264451f\" data-element_type=\"widget\" data-e-type=\"widget\" data-widget_type=\"image.default\">\n\t\t\t\t<div class=\"elementor-widget-container\">\n\t\t\t\t\t\t\t\t\t\t\t\t\t\t\t<img loading=\"lazy\" decoding=\"async\" width=\"770\" height=\"514\" src=\"https:\/\/uvalal.uva.es\/files\/2026\/01\/uvalal_group-1024x683-1.jpg\" class=\"attachment-large size-large wp-image-7508\" alt=\"\" srcset=\"https:\/\/uvalal.uva.es\/files\/2026\/01\/uvalal_group-1024x683-1.jpg 1024w, https:\/\/uvalal.uva.es\/files\/2026\/01\/uvalal_group-1024x683-1-300x200.jpg 300w, https:\/\/uvalal.uva.es\/files\/2026\/01\/uvalal_group-1024x683-1-768x512.jpg 768w\" sizes=\"(max-width: 770px) 100vw, 770px\" \/>\t\t\t\t\t\t\t\t\t\t\t\t\t\t\t<\/div>\n\t\t\t\t<\/div>\n\t\t\t\t\t<\/div>\n\t\t<\/div>\n\t\t\t\t<div class=\"elementor-column elementor-col-50 elementor-inner-column elementor-element elementor-element-2f0ae8e1\" data-id=\"2f0ae8e1\" data-element_type=\"column\" data-e-type=\"column\">\n\t\t\t<div class=\"elementor-widget-wrap elementor-element-populated\">\n\t\t\t\t\t\t<div class=\"elementor-element elementor-element-6f15b809 elementor-widget elementor-widget-image\" data-id=\"6f15b809\" data-element_type=\"widget\" data-e-type=\"widget\" data-widget_type=\"image.default\">\n\t\t\t\t<div class=\"elementor-widget-container\">\n\t\t\t\t\t\t\t\t\t\t\t\t\t\t\t<img loading=\"lazy\" decoding=\"async\" width=\"770\" height=\"513\" src=\"https:\/\/uvalal.uva.es\/files\/2026\/01\/UVALAL-Dec-2025-group-1-1024x682.jpeg\" class=\"attachment-large size-large wp-image-7498\" alt=\"\" srcset=\"https:\/\/uvalal.uva.es\/files\/2026\/01\/UVALAL-Dec-2025-group-1-1024x682.jpeg 1024w, https:\/\/uvalal.uva.es\/files\/2026\/01\/UVALAL-Dec-2025-group-1-300x200.jpeg 300w, https:\/\/uvalal.uva.es\/files\/2026\/01\/UVALAL-Dec-2025-group-1-768x512.jpeg 768w, https:\/\/uvalal.uva.es\/files\/2026\/01\/UVALAL-Dec-2025-group-1-1536x1023.jpeg 1536w, https:\/\/uvalal.uva.es\/files\/2026\/01\/UVALAL-Dec-2025-group-1.jpeg 1600w\" sizes=\"(max-width: 770px) 100vw, 770px\" \/>\t\t\t\t\t\t\t\t\t\t\t\t\t\t\t<\/div>\n\t\t\t\t<\/div>\n\t\t\t\t\t<\/div>\n\t\t<\/div>\n\t\t\t\t\t<\/div>\n\t\t<\/section>\n\t\t\t\t\t<\/div>\n\t\t<\/div>\n\t\t\t\t\t<\/div>\n\t\t<\/section>\n\t\t\t\t<section class=\"elementor-section elementor-top-section elementor-element elementor-element-3ed87b3 elementor-section-boxed elementor-section-height-default elementor-section-height-default\" data-id=\"3ed87b3\" data-element_type=\"section\" data-e-type=\"section\">\n\t\t\t\t\t\t<div class=\"elementor-container elementor-column-gap-default\">\n\t\t\t\t\t<div class=\"elementor-column elementor-col-100 elementor-top-column elementor-element elementor-element-08402cb\" data-id=\"08402cb\" data-element_type=\"column\" data-e-type=\"column\">\n\t\t\t<div class=\"elementor-widget-wrap elementor-element-populated\">\n\t\t\t\t\t\t\t<\/div>\n\t\t<\/div>\n\t\t\t\t\t<\/div>\n\t\t<\/section>\n\t\t\t\t<\/div>\n\t\t","protected":false},"excerpt":{"rendered":"<p>raquelff@uva.es Raquel Fern\u00e1ndez Fuertes Raquel Fern\u00e1ndez Fuertes es profesora titular del Departamento de Filolog\u00eda inglesa de la Universidad de Valladolid (Espa\u00f1a) y directora del grupo de investigaci\u00f3n UVALAL (Laboratorio de Adquisici\u00f3n del Lenguaje de la Universidad de Valladolid). Est\u00e1 especializada en teor\u00eda ling\u00fc\u00edstica, gram\u00e1tica comparada y adquisici\u00f3n biling\u00fce. Su investigaci\u00f3n parte de la teor\u00eda ling\u00fc\u00edstica [&hellip;]<\/p>\n","protected":false},"author":556,"featured_media":0,"parent":132,"menu_order":1,"comment_status":"closed","ping_status":"closed","template":"page-full-width.php","meta":{"footnotes":""},"class_list":["post-2496","page","type-page","status-publish","hentry"],"_links":{"self":[{"href":"https:\/\/uvalal.uva.es\/index.php\/wp-json\/wp\/v2\/pages\/2496","targetHints":{"allow":["GET"]}}],"collection":[{"href":"https:\/\/uvalal.uva.es\/index.php\/wp-json\/wp\/v2\/pages"}],"about":[{"href":"https:\/\/uvalal.uva.es\/index.php\/wp-json\/wp\/v2\/types\/page"}],"author":[{"embeddable":true,"href":"https:\/\/uvalal.uva.es\/index.php\/wp-json\/wp\/v2\/users\/556"}],"replies":[{"embeddable":true,"href":"https:\/\/uvalal.uva.es\/index.php\/wp-json\/wp\/v2\/comments?post=2496"}],"version-history":[{"count":5,"href":"https:\/\/uvalal.uva.es\/index.php\/wp-json\/wp\/v2\/pages\/2496\/revisions"}],"predecessor-version":[{"id":7514,"href":"https:\/\/uvalal.uva.es\/index.php\/wp-json\/wp\/v2\/pages\/2496\/revisions\/7514"}],"up":[{"embeddable":true,"href":"https:\/\/uvalal.uva.es\/index.php\/wp-json\/wp\/v2\/pages\/132"}],"wp:attachment":[{"href":"https:\/\/uvalal.uva.es\/index.php\/wp-json\/wp\/v2\/media?parent=2496"}],"curies":[{"name":"wp","href":"https:\/\/api.w.org\/{rel}","templated":true}]}}